{"id":16323,"date":"2024-03-05T18:30:07","date_gmt":"2024-03-05T18:30:07","guid":{"rendered":"https:\/\/despensafranciscana.com\/?post_type=product&#038;p=16323"},"modified":"2025-02-28T15:21:45","modified_gmt":"2025-02-28T15:21:45","slug":"conjunto-travessas","status":"publish","type":"product","link":"https:\/\/despensafranciscana.com\/fr\/loja\/conjunto-travessas\/","title":{"rendered":"Conjunto 3 travessas de cer\u00e2mica"},"content":{"rendered":"","protected":false},"excerpt":{"rendered":"<p>Assiettes en c\u00e9ramique gaufr\u00e9e, id\u00e9ales pour servir \u00e0 table des entr\u00e9es, des plats principaux ou des accompagnements. Un ensemble \u00e9l\u00e9gant qui donnera un \u00e9clat particulier aux assiettes et aux tables portugaises.<br \/>\nLes plateaux sont fabriqu\u00e9s \u00e0 la main par la c\u00e9ramiste Susana Perp\u00e9tua et produits sur commande.<br \/>\nPrix pour un ensemble de 3 couchettes<br \/>\nTaille : 20cm\/25cm\/30cm<\/p>","protected":false},"featured_media":16324,"template":"","meta":[],"product_brand":[],"product_cat":[152],"product_tag":[],"class_list":{"0":"post-16323","1":"product","2":"type-product","3":"status-publish","4":"has-post-thumbnail","6":"product_cat-artes-de-ca","8":"first","9":"instock","10":"taxable","11":"shipping-taxable","12":"purchasable","13":"product-type-simple"},"yoast_head":"<!-- This site is optimized with the Yoast SEO plugin v27.4 - https:\/\/yoast.com\/product\/yoast-seo-wordpress\/ -->\n<title>Conjunto 3 travessas de cer\u00e2mica - Despensa Franciscana<\/title>\n<meta name=\"robots\" content=\"index, follow, max-snippet:-1, max-image-preview:large, max-video-preview:-1\" \/>\n<link rel=\"canonical\" href=\"https:\/\/despensafranciscana.com\/fr\/loja\/conjunto-travessas\/\" \/>\n<meta property=\"og:locale\" content=\"fr_FR\" \/>\n<meta property=\"og:type\" content=\"article\" \/>\n<meta property=\"og:title\" content=\"Conjunto 3 travessas de cer\u00e2mica - Despensa Franciscana\" \/>\n<meta property=\"og:description\" content=\"Travessas de cer\u00e2mica com relevo, ideais para servir \u00e0 mesa tanto com entradas, pratos principais ou acompanhamentos. Um elegante conjunto que dar\u00e1 um brilho especial aos pratos e \u00e0s mesas portuguesas. As travessas s\u00e3o feitas artesanalmente pela ceramista Susana Perp\u00e9tua e produzidas mediante os pedidos efetuados. Pre\u00e7o conjunto de 3 travessas Dimens\u00e3o: 20cm\/25cm\/30cm\" \/>\n<meta property=\"og:url\" content=\"https:\/\/despensafranciscana.com\/fr\/loja\/conjunto-travessas\/\" \/>\n<meta property=\"og:site_name\" content=\"Despensa Franciscana\" \/>\n<meta property=\"article:publisher\" content=\"https:\/\/www.facebook.com\/despensafranciscana\/\" \/>\n<meta property=\"article:modified_time\" content=\"2025-02-28T15:21:45+00:00\" \/>\n<meta property=\"og:image\" content=\"https:\/\/despensafranciscana.com\/wp-content\/uploads\/2024\/03\/9.png\" \/>\n\t<meta property=\"og:image:width\" content=\"1080\" \/>\n\t<meta property=\"og:image:height\" content=\"1080\" \/>\n\t<meta property=\"og:image:type\" content=\"image\/png\" \/>\n<meta name=\"twitter:card\" content=\"summary_large_image\" \/>\n<script type=\"application\/ld+json\" class=\"yoast-schema-graph\">{\"@context\":\"https:\\\/\\\/schema.org\",\"@graph\":[{\"@type\":\"WebPage\",\"@id\":\"https:\\\/\\\/despensafranciscana.com\\\/de\\\/loja\\\/conjunto-travessas\\\/\",\"url\":\"https:\\\/\\\/despensafranciscana.com\\\/de\\\/loja\\\/conjunto-travessas\\\/\",\"name\":\"Conjunto 3 travessas de cer\u00e2mica - Despensa Franciscana\",\"isPartOf\":{\"@id\":\"https:\\\/\\\/despensafranciscana.com\\\/#website\"},\"primaryImageOfPage\":{\"@id\":\"https:\\\/\\\/despensafranciscana.com\\\/de\\\/loja\\\/conjunto-travessas\\\/#primaryimage\"},\"image\":{\"@id\":\"https:\\\/\\\/despensafranciscana.com\\\/de\\\/loja\\\/conjunto-travessas\\\/#primaryimage\"},\"thumbnailUrl\":\"https:\\\/\\\/despensafranciscana.com\\\/wp-content\\\/uploads\\\/2024\\\/03\\\/9.png\",\"datePublished\":\"2024-03-05T18:30:07+00:00\",\"dateModified\":\"2025-02-28T15:21:45+00:00\",\"breadcrumb\":{\"@id\":\"https:\\\/\\\/despensafranciscana.com\\\/de\\\/loja\\\/conjunto-travessas\\\/#breadcrumb\"},\"inLanguage\":\"fr-FR\",\"potentialAction\":[{\"@type\":\"ReadAction\",\"target\":[\"https:\\\/\\\/despensafranciscana.com\\\/de\\\/loja\\\/conjunto-travessas\\\/\"]}]},{\"@type\":\"ImageObject\",\"inLanguage\":\"fr-FR\",\"@id\":\"https:\\\/\\\/despensafranciscana.com\\\/de\\\/loja\\\/conjunto-travessas\\\/#primaryimage\",\"url\":\"https:\\\/\\\/despensafranciscana.com\\\/wp-content\\\/uploads\\\/2024\\\/03\\\/9.png\",\"contentUrl\":\"https:\\\/\\\/despensafranciscana.com\\\/wp-content\\\/uploads\\\/2024\\\/03\\\/9.png\",\"width\":1080,\"height\":1080},{\"@type\":\"BreadcrumbList\",\"@id\":\"https:\\\/\\\/despensafranciscana.com\\\/de\\\/loja\\\/conjunto-travessas\\\/#breadcrumb\",\"itemListElement\":[{\"@type\":\"ListItem\",\"position\":1,\"name\":\"In\u00edcio\",\"item\":\"https:\\\/\\\/despensafranciscana.com\\\/\"},{\"@type\":\"ListItem\",\"position\":2,\"name\":\"Loja\",\"item\":\"https:\\\/\\\/despensafranciscana.com\\\/loja\\\/\"},{\"@type\":\"ListItem\",\"position\":3,\"name\":\"Conjunto 3 travessas de cer\u00e2mica\"}]},{\"@type\":\"WebSite\",\"@id\":\"https:\\\/\\\/despensafranciscana.com\\\/#website\",\"url\":\"https:\\\/\\\/despensafranciscana.com\\\/\",\"name\":\"Despensa Franciscana\",\"description\":\"Despensa Franciscana\",\"publisher\":{\"@id\":\"https:\\\/\\\/despensafranciscana.com\\\/#organization\"},\"potentialAction\":[{\"@type\":\"SearchAction\",\"target\":{\"@type\":\"EntryPoint\",\"urlTemplate\":\"https:\\\/\\\/despensafranciscana.com\\\/?s={search_term_string}\"},\"query-input\":{\"@type\":\"PropertyValueSpecification\",\"valueRequired\":true,\"valueName\":\"search_term_string\"}}],\"inLanguage\":\"fr-FR\"},{\"@type\":\"Organization\",\"@id\":\"https:\\\/\\\/despensafranciscana.com\\\/#organization\",\"name\":\"Despensa Franciscana\",\"url\":\"https:\\\/\\\/despensafranciscana.com\\\/\",\"logo\":{\"@type\":\"ImageObject\",\"inLanguage\":\"fr-FR\",\"@id\":\"https:\\\/\\\/despensafranciscana.com\\\/#\\\/schema\\\/logo\\\/image\\\/\",\"url\":\"https:\\\/\\\/despensafranciscana.com\\\/wp-content\\\/uploads\\\/2025\\\/02\\\/despensa-franciscana-revamp-logos-8.png\",\"contentUrl\":\"https:\\\/\\\/despensafranciscana.com\\\/wp-content\\\/uploads\\\/2025\\\/02\\\/despensa-franciscana-revamp-logos-8.png\",\"width\":1920,\"height\":628,\"caption\":\"Despensa Franciscana\"},\"image\":{\"@id\":\"https:\\\/\\\/despensafranciscana.com\\\/#\\\/schema\\\/logo\\\/image\\\/\"},\"sameAs\":[\"https:\\\/\\\/www.facebook.com\\\/despensafranciscana\\\/\",\"https:\\\/\\\/www.instagram.com\\\/despensafranciscana\\\/\"]}]}<\/script>\n<!-- \/ Yoast SEO plugin. -->","yoast_head_json":{"title":"Conjunto 3 travessas de cer\u00e2mica - Despensa Franciscana","robots":{"index":"index","follow":"follow","max-snippet":"max-snippet:-1","max-image-preview":"max-image-preview:large","max-video-preview":"max-video-preview:-1"},"canonical":"https:\/\/despensafranciscana.com\/fr\/loja\/conjunto-travessas\/","og_locale":"fr_FR","og_type":"article","og_title":"Conjunto 3 travessas de cer\u00e2mica - Despensa Franciscana","og_description":"Travessas de cer\u00e2mica com relevo, ideais para servir \u00e0 mesa tanto com entradas, pratos principais ou acompanhamentos. Um elegante conjunto que dar\u00e1 um brilho especial aos pratos e \u00e0s mesas portuguesas. As travessas s\u00e3o feitas artesanalmente pela ceramista Susana Perp\u00e9tua e produzidas mediante os pedidos efetuados. Pre\u00e7o conjunto de 3 travessas Dimens\u00e3o: 20cm\/25cm\/30cm","og_url":"https:\/\/despensafranciscana.com\/fr\/loja\/conjunto-travessas\/","og_site_name":"Despensa Franciscana","article_publisher":"https:\/\/www.facebook.com\/despensafranciscana\/","article_modified_time":"2025-02-28T15:21:45+00:00","og_image":[{"width":1080,"height":1080,"url":"https:\/\/despensafranciscana.com\/wp-content\/uploads\/2024\/03\/9.png","type":"image\/png"}],"twitter_card":"summary_large_image","schema":{"@context":"https:\/\/schema.org","@graph":[{"@type":"WebPage","@id":"https:\/\/despensafranciscana.com\/de\/loja\/conjunto-travessas\/","url":"https:\/\/despensafranciscana.com\/de\/loja\/conjunto-travessas\/","name":"Conjunto 3 travessas de cer\u00e2mica - Despensa Franciscana","isPartOf":{"@id":"https:\/\/despensafranciscana.com\/#website"},"primaryImageOfPage":{"@id":"https:\/\/despensafranciscana.com\/de\/loja\/conjunto-travessas\/#primaryimage"},"image":{"@id":"https:\/\/despensafranciscana.com\/de\/loja\/conjunto-travessas\/#primaryimage"},"thumbnailUrl":"https:\/\/despensafranciscana.com\/wp-content\/uploads\/2024\/03\/9.png","datePublished":"2024-03-05T18:30:07+00:00","dateModified":"2025-02-28T15:21:45+00:00","breadcrumb":{"@id":"https:\/\/despensafranciscana.com\/de\/loja\/conjunto-travessas\/#breadcrumb"},"inLanguage":"fr-FR","potentialAction":[{"@type":"ReadAction","target":["https:\/\/despensafranciscana.com\/de\/loja\/conjunto-travessas\/"]}]},{"@type":"ImageObject","inLanguage":"fr-FR","@id":"https:\/\/despensafranciscana.com\/de\/loja\/conjunto-travessas\/#primaryimage","url":"https:\/\/despensafranciscana.com\/wp-content\/uploads\/2024\/03\/9.png","contentUrl":"https:\/\/despensafranciscana.com\/wp-content\/uploads\/2024\/03\/9.png","width":1080,"height":1080},{"@type":"BreadcrumbList","@id":"https:\/\/despensafranciscana.com\/de\/loja\/conjunto-travessas\/#breadcrumb","itemListElement":[{"@type":"ListItem","position":1,"name":"In\u00edcio","item":"https:\/\/despensafranciscana.com\/"},{"@type":"ListItem","position":2,"name":"Loja","item":"https:\/\/despensafranciscana.com\/loja\/"},{"@type":"ListItem","position":3,"name":"Conjunto 3 travessas de cer\u00e2mica"}]},{"@type":"WebSite","@id":"https:\/\/despensafranciscana.com\/#website","url":"https:\/\/despensafranciscana.com\/","name":"garde-manger franciscain","description":"garde-manger franciscain","publisher":{"@id":"https:\/\/despensafranciscana.com\/#organization"},"potentialAction":[{"@type":"SearchAction","target":{"@type":"EntryPoint","urlTemplate":"https:\/\/despensafranciscana.com\/?s={search_term_string}"},"query-input":{"@type":"PropertyValueSpecification","valueRequired":true,"valueName":"search_term_string"}}],"inLanguage":"fr-FR"},{"@type":"Organization","@id":"https:\/\/despensafranciscana.com\/#organization","name":"garde-manger franciscain","url":"https:\/\/despensafranciscana.com\/","logo":{"@type":"ImageObject","inLanguage":"fr-FR","@id":"https:\/\/despensafranciscana.com\/#\/schema\/logo\/image\/","url":"https:\/\/despensafranciscana.com\/wp-content\/uploads\/2025\/02\/despensa-franciscana-revamp-logos-8.png","contentUrl":"https:\/\/despensafranciscana.com\/wp-content\/uploads\/2025\/02\/despensa-franciscana-revamp-logos-8.png","width":1920,"height":628,"caption":"Despensa Franciscana"},"image":{"@id":"https:\/\/despensafranciscana.com\/#\/schema\/logo\/image\/"},"sameAs":["https:\/\/www.facebook.com\/despensafranciscana\/","https:\/\/www.instagram.com\/despensafranciscana\/"]}]}},"_links":{"self":[{"href":"https:\/\/despensafranciscana.com\/fr\/wp-json\/wp\/v2\/product\/16323","targetHints":{"allow":["GET"]}}],"collection":[{"href":"https:\/\/despensafranciscana.com\/fr\/wp-json\/wp\/v2\/product"}],"about":[{"href":"https:\/\/despensafranciscana.com\/fr\/wp-json\/wp\/v2\/types\/product"}],"wp:featuredmedia":[{"embeddable":true,"href":"https:\/\/despensafranciscana.com\/fr\/wp-json\/wp\/v2\/media\/16324"}],"wp:attachment":[{"href":"https:\/\/despensafranciscana.com\/fr\/wp-json\/wp\/v2\/media?parent=16323"}],"wp:term":[{"taxonomy":"product_brand","embeddable":true,"href":"https:\/\/despensafranciscana.com\/fr\/wp-json\/wp\/v2\/product_brand?post=16323"},{"taxonomy":"product_cat","embeddable":true,"href":"https:\/\/despensafranciscana.com\/fr\/wp-json\/wp\/v2\/product_cat?post=16323"},{"taxonomy":"product_tag","embeddable":true,"href":"https:\/\/despensafranciscana.com\/fr\/wp-json\/wp\/v2\/product_tag?post=16323"}],"curies":[{"name":"wp","href":"https:\/\/api.w.org\/{rel}","templated":true}]}}